{"id":417,"date":"2015-08-18T12:42:58","date_gmt":"2015-08-18T12:42:58","guid":{"rendered":"https:\/\/prolitteris.ch\/wordpress\/grundlagen\/?lang=fr"},"modified":"2026-02-26T14:20:35","modified_gmt":"2026-02-26T13:20:35","slug":"documents","status":"publish","type":"page","link":"https:\/\/prolitteris.ch\/fr\/documents\/","title":{"rendered":"Documents"},"content":{"rendered":"<p>Nos documents r\u00e8glent et expliquent nos activit\u00e9s. Pour les ayants droit (auteurs, \u00e9diteurs, successeurs en droit), le r\u00e8glement de r\u00e9partition est primordial, pour les utilisateurs (\u00e9coles, organisations, biblioth\u00e8ques, galeries, mus\u00e9es, etc.), ce sont les tarifs.<\/p>\n\n\n<h2>\u00a0<\/h2>\n<h2>Auteurs, \u00e9diteurs<\/h2>\n<p><a href=\"https:\/\/www.prolitteris.ch\/wp_update2020\/wp-content\/uploads\/conditions_de_gestion_2025.pdf\" target=\"_blank\" rel=\"noopener noreferrer\">Conditions de gestion<\/a><br \/><a href=\"https:\/\/www.prolitteris.ch\/wp_update2020\/wp-content\/uploads\/Reglement_de_repartition_2022.pdf\" target=\"_blank\" rel=\"noopener noreferrer\">R\u00e8glement de r\u00e9partition<\/a><br \/><a href=\"https:\/\/www.prolitteris.ch\/wp_update2020\/wp-content\/uploads\/Communique_reglement_de_repartition_2022.pdf\" target=\"_blank\" rel=\"noopener noreferrer\">Communiqu\u00e9 r\u00e8glement de r\u00e9partition<\/a><br \/><a href=\"https:\/\/www.prolitteris.ch\/wp_update2020\/wp-content\/uploads\/info_ayants_droit_2024.pdf\" target=\"_blank\" rel=\"noopener noreferrer\">Info Ayants droit<\/a><br \/><a href=\"https:\/\/prolitteris.ch\/wp_update2020\/wp-content\/uploads\/info_spoken_word_2023_fr.pdf\" target=\"_blank\" rel=\"noopener noreferrer\">Info Spoken Word<\/a><br \/>\n<a href=\"https:\/\/www.prolitteris.ch\/wp_update2020\/wp-content\/uploads\/notice_d_information_repartition_online_2022.pdf\" target=\"_blank\" rel=\"noopener noreferrer\">Notice d\u2019information R\u00e9partition Online<\/a><br \/>\n<a href=\"https:\/\/www.prolitteris.ch\/wp_update2020\/wp-content\/uploads\/repartition_online_descriptif_dintegration_2023.pdf\" target=\"_blank\" rel=\"noopener noreferrer\">R\u00e9partition Online Descriptif d\u2019int\u00e9gration<\/a><br \/><br \/>\n<a href=\"https:\/\/prolitteris.ch\/fr\/auteurs-editeurs\/repartition-des-redevances\/editeurs-participants\/\" target=\"_blank\" rel=\"noopener noreferrer\">\u00c9diteurs participants R\u00e9partition Online<\/a><br \/>\n<a href=\"https:\/\/prolitteris.ch\/opt-out-artificial-intelligence\/\" target=\"_blank\" rel=\"noopener noreferrer\">Opt-out Artificial intelligence<\/a><br \/><br \/>\n<a href=\"https:\/\/prolitteris.ch\/wp_update2020\/wp-content\/uploads\/Reglement_Fondation_sociale_2026-01-01.pdf\" target=\"_blank\" rel=\"noopener noreferrer\">R\u00e8glement Fondation sociale<\/a><br \/><a href=\"https:\/\/www.prolitteris.ch\/wp_update2020\/wp-content\/uploads\/notice_d_information_aide_sociale_2019.pdf\" target=\"_blank\" rel=\"noopener noreferrer\">Notice d\u2019information Aide sociale<\/a><br \/><a href=\"https:\/\/www.prolitteris.ch\/wp_update2020\/wp-content\/uploads\/reglement_fonds_culturel_2020.pdf\" target=\"_blank\" rel=\"noopener noreferrer\">R\u00e8glement Fonds culturel<br \/><br \/><\/a>\n<a href=\"https:\/\/www.prolitteris.ch\/wp_update2020\/wp-content\/uploads\/verwertungsgesellschaften_societes_de_gestion_liste_2023.pdf\" target=\"_blank\" rel=\"noopener noreferrer\">Verwertungsgesellschaften Soci\u00e9t\u00e9s de gestion Liste<\/a><\/p>\n\n\n\n<p>&nbsp;<\/p>\r\n<h2>Utilisations, tarifs<\/h2>\r\n<p><a href=\"https:\/\/www.prolitteris.ch\/wp_update2020\/wp-content\/uploads\/TC_5_location_2022-2026.pdf\" target=\"_blank\" rel=\"noopener noreferrer\">TC 5 Location<\/a><br \/><a href=\"https:\/\/www.prolitteris.ch\/wp_update2020\/wp-content\/uploads\/TC_7_ecoles_2022-2026.pdf\" target=\"_blank\" rel=\"noopener noreferrer\">TC 7 \u00c9coles<\/a><br \/><a href=\"https:\/\/www.prolitteris.ch\/wp_update2020\/wp-content\/uploads\/tarif_commun_8_2023-2027.pdf\" target=\"_blank\" rel=\"noopener noreferrer\">TC 8 Organisations<\/a><br \/><a href=\"https:\/\/www.prolitteris.ch\/wp_update2020\/wp-content\/uploads\/gemeinsamer_tarif_8_2023-2027_en.pdf\" target=\"_blank\" rel=\"noopener noreferrer\">TC 8 Organisations (English version)<\/a><br \/><a href=\"https:\/\/www.prolitteris.ch\/wp_update2020\/wp-content\/uploads\/tc_89_2017-2022_archive.pdf\" target=\"_blank\" rel=\"noopener noreferrer\">TC 8+9 2017-2022 archive<\/a> <br \/><a href=\"https:\/\/www.prolitteris.ch\/wp_update2020\/wp-content\/uploads\/TC_10_adaptations_pour_personnes_avec_des_deficiences_sensorielles_2021.pdf\" target=\"_blank\" rel=\"noopener noreferrer\">TC 10 Adaptations pour personnes avec des d\u00e9ficiences sensorielles<\/a><br \/><a href=\"https:\/\/www.prolitteris.ch\/wp_update2020\/wp-content\/uploads\/gt_11_2021-2026_fr.pdf\" target=\"_blank\" rel=\"noopener noreferrer\">TC 11 Enregistrements d\u2019archive des organismes de diffusion<\/a><br \/><a href=\"https:\/\/www.prolitteris.ch\/wp_update2020\/wp-content\/uploads\/tc_13_oeuvres_orphelines_2026.pdf\" target=\"_blank\" rel=\"noopener noreferrer\">TC 13 \u0152uvres orphelines<\/a><\/p>\r\n<p><a href=\"https:\/\/www.prolitteris.ch\/wp_update2020\/wp-content\/uploads\/formulaire_pas_de_copieur_2023.pdf\" target=\"_blank\" rel=\"noopener noreferrer\">Formulaire Pas de copieur<\/a><\/p>\r\n<p><a href=\"https:\/\/www.prolitteris.ch\/wp_update2020\/wp-content\/uploads\/notice_d_information_ecoles_TC_7_2022.pdf\" target=\"_blank\" rel=\"noopener noreferrer\">Notice d\u2019information \u00c9coles (TC 7)<\/a><br \/><a href=\"https:\/\/prolitteris.ch\/wp_update2020\/wp-content\/uploads\/Memo_TC_8_2023-01-01_fr-1.pdf\" target=\"_blank\" rel=\"noopener noreferrer\">M\u00e9mo TC 8 (redevances pour la copie)<\/a><br \/><a href=\"https:\/\/www.prolitteris.ch\/wp_update2020\/wp-content\/uploads\/notice_d_information_enregistrements_d_archive_TC_11_2021.pdf\" target=\"_blank\" rel=\"noopener noreferrer\">Notice d\u2019information Enregistrements d&#8217;archive (TC 11)<\/a><\/p>\r\n<p><a href=\"https:\/\/www.prolitteris.ch\/wp_update2020\/wp-content\/uploads\/tarif_art_2016.pdf\" target=\"_blank\" rel=\"noopener noreferrer\">Tarif Art<\/a> <br \/><a href=\"https:\/\/prolitteris.ch\/wp_update2020\/wp-content\/uploads\/tariff_art_2016.pdf\" target=\"_blank\" rel=\"noopener\">Tariff Art in English<\/a> <br \/><a href=\"https:\/\/www.prolitteris.ch\/wp_update2020\/wp-content\/uploads\/notice_d_information_art_2020.pdf\" target=\"_blank\" rel=\"noopener noreferrer\">Notice d\u2019information Art<\/a><br \/><a href=\"https:\/\/www.prolitteris.ch\/wp_update2020\/wp-content\/uploads\/contrat_standard_musees_2018.pdf\">Contrat standard mus\u00e9es<\/a><\/p>\r\n<p>&nbsp;<\/p>\r\n<p>\n\n\n\n\n\n<\/p>\n<h2>\u00c0 propos de ProLitteris<\/h2>\n<p><a href=\"https:\/\/www.prolitteris.ch\/wp_update2020\/wp-content\/uploads\/statuts_2021.pdf\" target=\"_blank\" rel=\"noopener noreferrer\">Statuts<\/a><\/p>\n<p><a href=\"https:\/\/www.prolitteris.ch\/wp_update2020\/wp-content\/uploads\/proces_verbal_assemblee_generale_2025.pdf\" target=\"_blank\" rel=\"noopener\">Proc\u00e8s-verbal Assembl\u00e9e g\u00e9n\u00e9rale 2025<\/a><a href=\"https:\/\/www.prolitteris.ch\/wp_update2020\/wp-content\/uploads\/proces_verbal_assemblee_generale_2024.pdf\" target=\"_blank\" rel=\"noopener\">Proc\u00e8s-verbal Assembl\u00e9e g\u00e9n\u00e9rale 2024<\/a><a href=\"https:\/\/www.prolitteris.ch\/wp_update2020\/wp-content\/uploads\/proces_verbal_assemblee_generale_2023.pdf\" target=\"_blank\" rel=\"noopener\">Proc\u00e8s-verbal Assembl\u00e9e g\u00e9n\u00e9rale 2023<\/a> <a href=\"https:\/\/www.prolitteris.ch\/wp_update2020\/wp-content\/uploads\/proces_verbal_assemblee_generale_2022.pdf\" target=\"_blank\" rel=\"noopener\">Proc\u00e8s-verbal Assembl\u00e9e g\u00e9n\u00e9rale 2022<\/a><\/p>\n<p><a href=\"https:\/\/prolitteris.ch\/wp_update2020\/wp-content\/uploads\/ProLitteris_Rapport_de_gestion_2024.pdf\" target=\"_blank\" rel=\"noopener noreferrer\">Rapport de gestion ProLitteris 2024<\/a><br><a href=\"https:\/\/www.prolitteris.ch\/wp_update2020\/wp-content\/uploads\/prolitteris_rapport_de_gestion_2023.pdf\" target=\"_blank\" rel=\"noopener noreferrer\">Rapport de gestion ProLitteris 2023<\/a><a href=\"https:\/\/www.prolitteris.ch\/wp_update2020\/wp-content\/uploads\/rapport_de_gestion_prolitteris_2022.pdf\" target=\"_blank\" rel=\"noopener noreferrer\">Rapport de gestion ProLitteris 2022<\/a> <a href=\"https:\/\/www.prolitteris.ch\/wp_update2020\/wp-content\/uploads\/rapport_de_gestion_prolitteris_2021.pdf\" target=\"_blank\" rel=\"noopener noreferrer\">Rapport de gestion ProLitteris 2021<\/a><a href=\"https:\/\/www.prolitteris.ch\/wp_update2020\/wp-content\/uploads\/Rapport_de_gestion_prolitteris_2020.pdf\" target=\"_blank\" rel=\"noopener noreferrer\">Rapport de gestion ProLitteris 2020<\/a><br \/><a href=\"https:\/\/www.prolitteris.ch\/wp_update2020\/wp-content\/uploads\/rapport_annuel_prolitteris_2019.pdf\" target=\"_blank\" rel=\"noopener noreferrer\">Rapport de gestion ProLitteris 2019<\/a><br \/><a href=\"https:\/\/www.prolitteris.ch\/wp_update2020\/wp-content\/uploads\/rapport_annuel_prolitteris_2018.pdf\" target=\"_blank\" rel=\"noopener noreferrer\">Rapport de gestion ProLitteris 2018<\/a><br \/><a href=\"https:\/\/www.prolitteris.ch\/wp_update2020\/wp-content\/uploads\/rapport_annuel_prolitteris_2017.pdf\" target=\"_blank\" rel=\"noopener noreferrer\">Rapport de gestion ProLitteris 2017<\/a><br \/><a href=\"https:\/\/www.prolitteris.ch\/wp_update2020\/wp-content\/uploads\/rapport_annuel_prolitteris_2016.pdf\" target=\"_blank\" rel=\"noopener noreferrer\">Rapport de gestion ProLitteris 2016<\/a><br \/><a href=\"https:\/\/www.prolitteris.ch\/wp_update2020\/wp-content\/uploads\/rapport_annuel_prolitteris_2015.pdf\" target=\"_blank\" rel=\"noopener noreferrer\">Rapport de gestion ProLitteris 2015<\/a><br \/><a href=\"https:\/\/www.prolitteris.ch\/wp_update2020\/wp-content\/uploads\/rapport_annuel_prolitteris_2014.pdf\" target=\"_blank\" rel=\"noopener noreferrer\">Rapport de gestion ProLitteris 2014<\/a><br \/><a href=\"https:\/\/www.prolitteris.ch\/wp_update2020\/wp-content\/uploads\/rapport_annuel_prolitteris_2013.pdf\" target=\"_blank\" rel=\"noopener noreferrer\">Rapport de gestion ProLitteris 2013<\/a><br \/><a href=\"https:\/\/www.prolitteris.ch\/wp_update2020\/wp-content\/uploads\/rapport_annuel_prolitteris_2012.pdf\" target=\"_blank\" rel=\"noopener noreferrer\">Rapport de gestion ProLitteris 2012<\/a><br \/><a href=\"https:\/\/www.prolitteris.ch\/wp_update2020\/wp-content\/uploads\/rapport_annuel_prolitteris_2011.pdf\" target=\"_blank\" rel=\"noopener noreferrer\">Rapport de gestion ProLitteris 2011<\/a><br \/><a href=\"https:\/\/www.prolitteris.ch\/wp_update2020\/wp-content\/uploads\/rapport_annuel_prolitteris_2010.pdf\" target=\"_blank\" rel=\"noopener noreferrer\">Rapport de gestion ProLitteris 2010<\/a><\/p>\n\n<a href=\"https:\/\/www.prolitteris.ch\/wp_update2020\/wp-content\/uploads\/content_coute_theses_sur_authorship_et_publishing_2024-08-15.pdf\" target=\"_blank\" rel=\"noopener noreferrer\">Le contenu a un prix &#8211; une politique du droit d&#8217;auteur 2024<\/a><\/p>\n<p>\n\n\n<\/p>","protected":false},"excerpt":{"rendered":"<p>Nos documents r\u00e8glent et expliquent nos activit\u00e9s. Pour les ayants droit (auteurs, \u00e9diteurs, successeurs en droit), le r\u00e8glement de r\u00e9partition est primordial, pour les utilisateurs (\u00e9coles, organisations, biblioth\u00e8ques, galeries, mus\u00e9es, etc.), ce sont les tarifs. \u00a0 Auteurs, \u00e9diteurs Conditions de gestionR\u00e8glement de r\u00e9partitionCommuniqu\u00e9 r\u00e8glement de r\u00e9partitionInfo Ayants droitInfo Spoken Word Notice d\u2019information R\u00e9partition Online R\u00e9partition<\/p>\n","protected":false},"author":1,"featured_media":0,"parent":0,"menu_order":0,"comment_status":"closed","ping_status":"open","template":"","meta":{"_acf_changed":false,"_relevanssi_hide_post":"","_relevanssi_hide_content":"","_relevanssi_pin_for_all":"","_relevanssi_pin_keywords":"","_relevanssi_unpin_keywords":"","_relevanssi_related_keywords":"","_relevanssi_related_include_ids":"","_relevanssi_related_exclude_ids":"","_relevanssi_related_no_append":"","_relevanssi_related_not_related":"","_relevanssi_related_posts":"19836,21667,5941,19563,18697,5813","_relevanssi_noindex_reason":"","footnotes":""},"class_list":["post-417","page","type-page","status-publish","hentry"],"acf":[],"_links":{"self":[{"href":"https:\/\/prolitteris.ch\/fr\/wp-json\/wp\/v2\/pages\/417","targetHints":{"allow":["GET"]}}],"collection":[{"href":"https:\/\/prolitteris.ch\/fr\/wp-json\/wp\/v2\/pages"}],"about":[{"href":"https:\/\/prolitteris.ch\/fr\/wp-json\/wp\/v2\/types\/page"}],"author":[{"embeddable":true,"href":"https:\/\/prolitteris.ch\/fr\/wp-json\/wp\/v2\/users\/1"}],"replies":[{"embeddable":true,"href":"https:\/\/prolitteris.ch\/fr\/wp-json\/wp\/v2\/comments?post=417"}],"version-history":[{"count":1,"href":"https:\/\/prolitteris.ch\/fr\/wp-json\/wp\/v2\/pages\/417\/revisions"}],"predecessor-version":[{"id":26696,"href":"https:\/\/prolitteris.ch\/fr\/wp-json\/wp\/v2\/pages\/417\/revisions\/26696"}],"wp:attachment":[{"href":"https:\/\/prolitteris.ch\/fr\/wp-json\/wp\/v2\/media?parent=417"}],"curies":[{"name":"wp","href":"https:\/\/api.w.org\/{rel}","templated":true}]}}